{"id":225,"date":"2015-08-11T12:55:56","date_gmt":"2015-08-11T12:55:56","guid":{"rendered":"http:\/\/wordpress.leibniz-institut.de\/?page_id=225"},"modified":"2016-03-06T09:03:58","modified_gmt":"2016-03-06T09:03:58","slug":"lk4-detail","status":"publish","type":"page","link":"https:\/\/leibniz-institut.de\/ru\/konferenzen\/konferenz-archiv\/4-leibniz-konferenz-intelligente-logistik-2009\/lk4-detail\/","title":{"rendered":"Programm der 4. Leibniz-Konferenz"},"content":{"rendered":"<table border=\"0\" width=\"100%\" cellspacing=\"5\" cellpadding=\"5\">\n<tbody>\n<tr align=\"left\" valign=\"top\">\n<td width=\"20%\">09:00 \u2013 10:00<\/td>\n<td>Anmeldung\/ Registrierung<\/td>\n<\/tr>\n<tr align=\"left\" valign=\"top\">\n<td>10:00 \u2013 10:15<\/td>\n<td><strong>Begr\u00fc\u00dfung und Er\u00f6ffnung<\/strong><br \/>\nLutz-G\u00fcnther Fleischer und Bernd Junghans<\/td>\n<\/tr>\n<\/tbody>\n<\/table>\n<table border=\"0\" width=\"100%\" cellspacing=\"5\" cellpadding=\"5\">\n<tbody>\n<tr align=\"left\" valign=\"top\">\n<td width=\"20%\"><strong>SESSION 1:<br \/>\n<\/strong><\/td>\n<td><strong>TECHNOLOGISCHE LOGISTIK-ENTWICKLUNG<\/strong><br \/>\nModeration: Bernd Junghans<\/td>\n<\/tr>\n<tr align=\"left\" valign=\"top\">\n<td width=\"20%\">10:15 &#8212; 10:45<\/td>\n<td>J. PIOTROWSKI und B. SCHOLZ-REITER<br \/>\nUniversit\u00e4t Bremen<br \/>\n<strong>Selbststeuerung in der Logistik \u2013 Herausforderungen und Realisierungssans\u00e4tze f\u00fcr autonome logistische Objekte in der Praxis<\/strong><\/td>\n<\/tr>\n<tr align=\"left\" valign=\"top\">\n<td width=\"20%\">10:45 &#8212; 11:15<\/td>\n<td>M. SCHENK<br \/>\nFhG-IFF Magdeburg<br \/>\n<strong><img decoding=\"async\" src=\"\/images\/pdf_icon.gif\" alt=\"\" \/> <a href=\"\/Konferenzen\/il2009\/schenk-intelligente_logistische_objekte_und_adaequate_planung.pdf\" target=\"_blank\">Intelligente logistische Objekte und ad\u00e4quate Planungstechniken<\/a><\/strong> (1MB)<\/td>\n<\/tr>\n<tr align=\"left\" valign=\"top\">\n<td width=\"20%\">11:15 &#8212; 11:45<\/td>\n<td>M. ZASTROW<br \/>\nTEKO Systemkonzept GmbH, Potsdam<br \/>\n<img decoding=\"async\" src=\"\/images\/pdf_icon.gif\" alt=\"\" \/> <a href=\"\/Konferenzen\/il2009\/zastrow-funksensornetzwerke.pdf\" target=\"_blank\"><strong>Funksensornetzwerke \u2013 f\u00fcr die Praxis geeignet?<\/strong><\/a> (1MB)<\/td>\n<\/tr>\n<tr align=\"left\" valign=\"top\">\n<td width=\"20%\">11:45 &#8212; 12:15<\/td>\n<td>St. KESSLER und A. KUHN<br \/>\nTU Dortmund und FhG-IML Dortmund<br \/>\n<strong><img decoding=\"async\" src=\"\/images\/pdf_icon.gif\" alt=\"\" \/> <a href=\"\/Konferenzen\/il2009\/kessler-intelligente_logistik_in_grossen_netzen.pdf\" target=\"_blank\">Intelligente Logistik in gro\u00dfen Netzen<\/a><\/strong> (2,1MB)<\/td>\n<\/tr>\n<tr align=\"left\" valign=\"top\">\n<td width=\"20%\">12:15 &#8212; 12:45<\/td>\n<td>F. HUSAR<br \/>\nAVIplan GmbH, Dresden<br \/>\n<strong><img decoding=\"async\" src=\"\/images\/pdf_icon.gif\" alt=\"\" \/> <a href=\"\/Konferenzen\/il2009\/husar-pick_by_voice.pdf\" target=\"_blank\">Pick by voice \u2013 Bedienerf\u00fchrung in der Logistik durch Sprachdialog<\/a><\/strong> (360KB)<\/td>\n<\/tr>\n<tr align=\"left\" valign=\"top\">\n<td width=\"20%\">12:40 &#8212; 13:30<\/td>\n<td>M I T T A G E S S E N<\/td>\n<\/tr>\n<\/tbody>\n<\/table>\n<table border=\"0\" width=\"100%\" cellspacing=\"5\" cellpadding=\"5\">\n<tbody>\n<tr align=\"left\" valign=\"top\">\n<td width=\"20%\"><strong>SESSION 2:<br \/>\n<\/strong><\/td>\n<td><strong>ORGANISATION UND ZUKUNFT MODERNER LOGISTIK<\/strong><br \/>\nModeration: Lutz-G\u00fcnther Fleischer<\/td>\n<\/tr>\n<tr align=\"left\" valign=\"top\">\n<td width=\"20%\">13:30 &#8212; 14:00<\/td>\n<td>H.-P. STABENAU<br \/>\nLogistikakademie Bremen<br \/>\n<strong><img decoding=\"async\" src=\"\/images\/pdf_icon.gif\" alt=\"\" \/> <a href=\"\/Konferenzen\/il2009\/stabenau-integrierte_logistikforschung.pdf\" target=\"_blank\">Integrierte Logistikforschung \u2013 Basis der Produktivit\u00e4tsgewinnung in der Supply Chain<\/a><\/strong> (1MB)<\/td>\n<\/tr>\n<tr align=\"left\" valign=\"top\">\n<td width=\"20%\">14:00 &#8212; 14:30<\/td>\n<td>S. WIRTH<br \/>\nTechnische Universit\u00e4t Chemnitz\/IREGIA e.V.<br \/>\n<strong><img decoding=\"async\" src=\"\/images\/pdf_icon.gif\" alt=\"\" \/> <a href=\"\/Konferenzen\/il2009\/wirth-logistikintegrierte_kompetenznetze.pdf\" target=\"_blank\">Logistikintegrierte Kompetenznetze<\/a><\/strong> (2,1MB)<\/td>\n<\/tr>\n<tr align=\"left\" valign=\"top\">\n<td width=\"20%\">14:30 &#8212; 15:00<\/td>\n<td> H. ZADEK<br \/>\nUniversit\u00e4t Magdeburg<br \/>\n<strong>Entwicklung von Logistikketten<\/strong><\/td>\n<\/tr>\n<tr align=\"left\" valign=\"top\">\n<td width=\"20%\">15:00 &#8212; 15:30<\/td>\n<td>T. METZ<br \/>\nDematic GmbH, Offenbach<br \/>\n<strong><img decoding=\"async\" src=\"\/images\/pdf_icon.gif\" alt=\"\" \/> <a href=\"\/Konferenzen\/il2009\/metz-hochdynamische_kommissionierloesungen.pdf\" target=\"_blank\">Hochdynamische Kommissionierl\u00f6sungen: Die Antwort der Intralogistik auf wachsende Marktanforderungen<\/a><\/strong> (1,8MB)<\/td>\n<\/tr>\n<tr align=\"left\" valign=\"top\">\n<td width=\"20%\">15:30 &#8212; 15:50<\/td>\n<td>P A U S E<\/td>\n<\/tr>\n<tr align=\"left\" valign=\"top\">\n<td width=\"20%\">15:50 &#8212; 16:20<\/td>\n<td>R. LIPP<br \/>\nAssoziation Stra\u00dfenHaus e.V., Halbe und Moskau<br \/>\n<strong>Intelligente logistische L\u00f6sungen f\u00fcr die Mobilit\u00e4t in Ballungsr\u00e4umen der Zukunft<\/strong><\/td>\n<\/tr>\n<tr align=\"left\" valign=\"top\">\n<td width=\"20%\">16:20 &#8212; 16:50<\/td>\n<td>I. KREBS<br \/>\nBrandenburgische Technische Universit\u00e4t Cottbus<br \/>\n<strong><img decoding=\"async\" src=\"\/images\/pdf_icon.gif\" alt=\"\" \/> <a href=\"\/Konferenzen\/il2009\/krebs-barrierefreie_kommunikation.pdf\" target=\"_blank\">Barrierefreie Kommunikation \u2013 Risiken und Chancen f\u00fcr eine intelligente Vernetzung<\/a><\/strong> (2,1MB)<\/td>\n<\/tr>\n<tr align=\"left\" valign=\"top\">\n<td width=\"20%\">16:50 &#8212; 17:20<\/td>\n<td>F. STRAUBE<br \/>\nTechnische Universit\u00e4t Berlin<br \/>\n<strong>Trends und Strategien der Logistik \u2013 Herausforderungen einer kundenorientierten Vernetzung<\/strong><\/td>\n<\/tr>\n<tr align=\"left\" valign=\"top\">\n<td width=\"20%\">17:20 &#8212; 17:50<\/td>\n<td>G. BANSE<br \/>\nKarlsruher Institut f\u00fcr Technologie<br \/>\n<strong><img decoding=\"async\" src=\"\/images\/pdf_icon.gif\" alt=\"\" \/> <a href=\"\/Konferenzen\/il2009\/banse-mensch_und_intelligente_systeme.pdf\" target=\"_blank\">Der Mensch und intelligente Systeme \u2013 Verantwortung und Handlungsmacht<\/a><\/strong>  (1MB)<\/td>\n<\/tr>\n<tr align=\"left\" valign=\"top\">\n<td width=\"20%\">17:50 &#8212; 18:00<\/td>\n<td><strong>Zusammenfassung und Ausblick<\/strong><br \/>\nLutz-G\u00fcnther Fleischer und Bernd Junghans<\/td>\n<\/tr>\n<\/tbody>\n<\/table>\n","protected":false},"excerpt":{"rendered":"<p>09:00 \u2013 10:00 Anmeldung\/ Registrierung 10:00 \u2013 10:15 Begr\u00fc\u00dfung und Er\u00f6ffnung Lutz-G\u00fcnther Fleischer und Bernd Junghans SESSION 1: TECHNOLOGISCHE LOGISTIK-ENTWICKLUNG Moderation: Bernd Junghans 10:15 &#8212; 10:45 J. PIOTROWSKI und B. <a class=\"more-link\" href=\"https:\/\/leibniz-institut.de\/ru\/konferenzen\/konferenz-archiv\/4-leibniz-konferenz-intelligente-logistik-2009\/lk4-detail\/\">Weiterlesen \u2192<\/a><\/p>\n","protected":false},"author":2,"featured_media":0,"parent":171,"menu_order":0,"comment_status":"closed","ping_status":"closed","template":"","meta":{"footnotes":""},"class_list":["post-225","page","type-page","status-publish","hentry"],"translation":{"provider":"WPGlobus","version":"3.0.2","language":"ru","enabled_languages":["de","en","ru"],"languages":{"de":{"title":true,"content":true,"excerpt":false},"en":{"title":false,"content":false,"excerpt":false},"ru":{"title":false,"content":false,"excerpt":false}}},"_links":{"self":[{"href":"https:\/\/leibniz-institut.de\/ru\/wp-json\/wp\/v2\/pages\/225","targetHints":{"allow":["GET"]}}],"collection":[{"href":"https:\/\/leibniz-institut.de\/ru\/wp-json\/wp\/v2\/pages"}],"about":[{"href":"https:\/\/leibniz-institut.de\/ru\/wp-json\/wp\/v2\/types\/page"}],"author":[{"embeddable":true,"href":"https:\/\/leibniz-institut.de\/ru\/wp-json\/wp\/v2\/users\/2"}],"replies":[{"embeddable":true,"href":"https:\/\/leibniz-institut.de\/ru\/wp-json\/wp\/v2\/comments?post=225"}],"version-history":[{"count":3,"href":"https:\/\/leibniz-institut.de\/ru\/wp-json\/wp\/v2\/pages\/225\/revisions"}],"predecessor-version":[{"id":506,"href":"https:\/\/leibniz-institut.de\/ru\/wp-json\/wp\/v2\/pages\/225\/revisions\/506"}],"up":[{"embeddable":true,"href":"https:\/\/leibniz-institut.de\/ru\/wp-json\/wp\/v2\/pages\/171"}],"wp:attachment":[{"href":"https:\/\/leibniz-institut.de\/ru\/wp-json\/wp\/v2\/media?parent=225"}],"curies":[{"name":"wp","href":"https:\/\/api.w.org\/{rel}","templated":true}]}}